{"id":5363,"date":"2018-03-11T12:45:20","date_gmt":"2018-03-11T10:45:20","guid":{"rendered":"http:\/\/artsmartiauxcompiegnois.fr\/?post_type=tribe_events&#038;p=5363"},"modified":"2018-03-13T15:05:08","modified_gmt":"2018-03-13T13:05:08","slug":"carrefour-des-sports","status":"publish","type":"tribe_events","link":"https:\/\/artsmartiauxcompiegnois.fr\/?tribe_events=carrefour-des-sports","title":{"rendered":"Carrefour des Sports 2018"},"content":{"rendered":"<p>Les Arts Martiaux Compi\u00e9gnois, comme chaque ann\u00e9e, participe au Carrefour des Sports au centre commercial de Venette.<\/p>\n<p>Nos encadrants, et certains adh\u00e9rents, r\u00e9pondront \u00e0 toutes vos questions et vous pr\u00e9senteront les diff\u00e9rentes disciplines que vous pouvez pratiquer ou apprendre dans le Club, en vous proposant d&rsquo;assister aux d\u00e9monstrations.<\/p>\n<p>Vous pourrez \u00e9galement \u00e9changer nos enseignements pr\u00e9sents \u00e0 cette manifestation, dont certains ont brill\u00e9 aux comp\u00e9titions nationales, mais\u00a0 aussi europ\u00e9ennes, et mondiales.<\/p>\n<p>Nous vous invitons \u00e0 venir nous rendre visite, nous serons heureux de vous recevoir et si vous le souhaitez, de vous proposer un rendez-vous pour effectuer une s\u00e9ance de d\u00e9couverte dans nos locaux, et ce,\u00a0 totalement gratuite et sans aucun engagement.<\/p>\n","protected":false},"excerpt":{"rendered":"<p>Les Arts Martiaux Compi\u00e9gnois, comme chaque ann\u00e9e, participe au Carrefour des Sports au centre commercial de Venette. Nos encadrants, et certains adh\u00e9rents, r\u00e9pondront \u00e0 toutes vos questions et vous pr\u00e9senteront les diff\u00e9rentes disciplines que vous pouvez pratiquer ou apprendre dans le Club, en vous proposant d&rsquo;assister aux d\u00e9monstrations. Vous pourrez \u00e9galement \u00e9changer nos enseignements pr\u00e9sents [&hellip;]<\/p>\n","protected":false},"author":1,"featured_media":0,"template":"","meta":[],"tags":[116,51,120,61,115,179,55,106,59],"tribe_events_cat":[],"_links":{"self":[{"href":"https:\/\/artsmartiauxcompiegnois.fr\/index.php?rest_route=\/wp\/v2\/tribe_events\/5363"}],"collection":[{"href":"https:\/\/artsmartiauxcompiegnois.fr\/index.php?rest_route=\/wp\/v2\/tribe_events"}],"about":[{"href":"https:\/\/artsmartiauxcompiegnois.fr\/index.php?rest_route=\/wp\/v2\/types\/tribe_events"}],"author":[{"embeddable":true,"href":"https:\/\/artsmartiauxcompiegnois.fr\/index.php?rest_route=\/wp\/v2\/users\/1"}],"version-history":[{"count":4,"href":"https:\/\/artsmartiauxcompiegnois.fr\/index.php?rest_route=\/wp\/v2\/tribe_events\/5363\/revisions"}],"predecessor-version":[{"id":5398,"href":"https:\/\/artsmartiauxcompiegnois.fr\/index.php?rest_route=\/wp\/v2\/tribe_events\/5363\/revisions\/5398"}],"wp:attachment":[{"href":"https:\/\/artsmartiauxcompiegnois.fr\/index.php?rest_route=%2Fwp%2Fv2%2Fmedia&parent=5363"}],"wp:term":[{"taxonomy":"post_tag","embeddable":true,"href":"https:\/\/artsmartiauxcompiegnois.fr\/index.php?rest_route=%2Fwp%2Fv2%2Ftags&post=5363"},{"taxonomy":"tribe_events_cat","embeddable":true,"href":"https:\/\/artsmartiauxcompiegnois.fr\/index.php?rest_route=%2Fwp%2Fv2%2Ftribe_events_cat&post=5363"}],"curies":[{"name":"wp","href":"https:\/\/api.w.org\/{rel}","templated":true}]}}