{"id":6982,"date":"2018-11-22T16:15:42","date_gmt":"2018-11-22T14:15:42","guid":{"rendered":"http:\/\/artsmartiauxcompiegnois.fr\/?post_type=tribe_events&#038;p=6982"},"modified":"2018-11-22T16:28:40","modified_gmt":"2018-11-22T14:28:40","slug":"coupe-de-zid-picardie-de-tai-jitsu-kata-09-decembre-2018","status":"publish","type":"tribe_events","link":"https:\/\/artsmartiauxcompiegnois.fr\/?tribe_events=coupe-de-zid-picardie-de-tai-jitsu-kata-09-decembre-2018","title":{"rendered":"Coupe de ZID Picardie de Tai-Jitsu Kata &#8211; 09 d\u00e9cembre 2018"},"content":{"rendered":"<p>La ZID Picardie &#8211; Tai-Jitsu est pilot\u00e9e par notre pr\u00e9sident Akim BAHMED, et nous le f\u00e9licitons pour son engagement personnel dans les Arts Martiaux.<\/p>\n<p>Notre Club des Arts Martiaux Compi\u00e9gnois re\u00e7oit dans ses locaux, la coupe de la ZID -Kata, en Tai-Jitsu le 09 d\u00e9cembre 2018, des cat\u00e9gories Poussins \u00e0 S\u00e9niors<\/p>\n<p>Nous vous invitons \u00e0 vous inscrire aupr\u00e8s de votre encadrant Tony ou Akim pour participer \u00e0 cette Coupe de la ZID Picardie &#8211; Kata.<\/p>\n<p>La date limite d&rsquo;enrefistrement des insctiptions aupr\u00e8s desorganisateurs es fix\u00e9e au 25 novembre.<\/p>\n<p>N&rsquo;hasitez pas et benez en nombre pour faire honneur \u00e0 nos encadrants, \u00e0 notre Pr\u00e9sident et \u00e0 notre Club.<\/p>\n<p>Nous remercions par avance nos encadrants, les membres du Comit\u00e9 Directeur et les b\u00e9n\u00e9voles qui vont assurer l&rsquo;accueil et la logistique de cet \u00e9v\u00e9nement.<\/p>\n","protected":false},"excerpt":{"rendered":"<p>La ZID Picardie &#8211; Tai-Jitsu est pilot\u00e9e par notre pr\u00e9sident Akim BAHMED, et nous le f\u00e9licitons pour son engagement personnel dans les Arts Martiaux. Notre Club des Arts Martiaux Compi\u00e9gnois re\u00e7oit dans ses locaux, la coupe de la ZID -Kata, en Tai-Jitsu le 09 d\u00e9cembre 2018, des cat\u00e9gories Poussins \u00e0 S\u00e9niors Nous vous invitons \u00e0 [&hellip;]<\/p>\n","protected":false},"author":1,"featured_media":6973,"template":"","meta":[],"tags":[51,59,240],"tribe_events_cat":[],"_links":{"self":[{"href":"https:\/\/artsmartiauxcompiegnois.fr\/index.php?rest_route=\/wp\/v2\/tribe_events\/6982"}],"collection":[{"href":"https:\/\/artsmartiauxcompiegnois.fr\/index.php?rest_route=\/wp\/v2\/tribe_events"}],"about":[{"href":"https:\/\/artsmartiauxcompiegnois.fr\/index.php?rest_route=\/wp\/v2\/types\/tribe_events"}],"author":[{"embeddable":true,"href":"https:\/\/artsmartiauxcompiegnois.fr\/index.php?rest_route=\/wp\/v2\/users\/1"}],"version-history":[{"count":1,"href":"https:\/\/artsmartiauxcompiegnois.fr\/index.php?rest_route=\/wp\/v2\/tribe_events\/6982\/revisions"}],"predecessor-version":[{"id":6983,"href":"https:\/\/artsmartiauxcompiegnois.fr\/index.php?rest_route=\/wp\/v2\/tribe_events\/6982\/revisions\/6983"}],"wp:featuredmedia":[{"embeddable":true,"href":"https:\/\/artsmartiauxcompiegnois.fr\/index.php?rest_route=\/wp\/v2\/media\/6973"}],"wp:attachment":[{"href":"https:\/\/artsmartiauxcompiegnois.fr\/index.php?rest_route=%2Fwp%2Fv2%2Fmedia&parent=6982"}],"wp:term":[{"taxonomy":"post_tag","embeddable":true,"href":"https:\/\/artsmartiauxcompiegnois.fr\/index.php?rest_route=%2Fwp%2Fv2%2Ftags&post=6982"},{"taxonomy":"tribe_events_cat","embeddable":true,"href":"https:\/\/artsmartiauxcompiegnois.fr\/index.php?rest_route=%2Fwp%2Fv2%2Ftribe_events_cat&post=6982"}],"curies":[{"name":"wp","href":"https:\/\/api.w.org\/{rel}","templated":true}]}}